{"id":1495,"date":"2020-04-29T13:16:12","date_gmt":"2020-04-29T13:16:12","guid":{"rendered":"https:\/\/sitac.transdev-hdf.fr\/?page_id=1495"},"modified":"2025-05-19T15:08:24","modified_gmt":"2025-05-19T15:08:24","slug":"les-velin","status":"publish","type":"page","link":"https:\/\/sitac.transdev-hdf.fr\/index.php\/mes-services\/les-velin\/","title":{"rendered":"Les Vel&rsquo;in"},"content":{"rendered":"\n<figure class=\"wp-block-image alignwide size-large\"><img decoding=\"async\" loading=\"lazy\" width=\"1024\" height=\"271\" src=\"https:\/\/sitac.transdev-hdf.fr\/wp-content\/uploads\/2020\/10\/V2-PageVelin-SiteSEPTEMBRE2020-NEWVERSION-COB-03-1024x271.png\" alt=\"\" class=\"wp-image-3126\" srcset=\"https:\/\/sitac.transdev-hdf.fr\/wp-content\/uploads\/2020\/10\/V2-PageVelin-SiteSEPTEMBRE2020-NEWVERSION-COB-03-1024x271.png 1024w, https:\/\/sitac.transdev-hdf.fr\/wp-content\/uploads\/2020\/10\/V2-PageVelin-SiteSEPTEMBRE2020-NEWVERSION-COB-03-300x79.png 300w, https:\/\/sitac.transdev-hdf.fr\/wp-content\/uploads\/2020\/10\/V2-PageVelin-SiteSEPTEMBRE2020-NEWVERSION-COB-03-768x203.png 768w, https:\/\/sitac.transdev-hdf.fr\/wp-content\/uploads\/2020\/10\/V2-PageVelin-SiteSEPTEMBRE2020-NEWVERSION-COB-03-1536x406.png 1536w, https:\/\/sitac.transdev-hdf.fr\/wp-content\/uploads\/2020\/10\/V2-PageVelin-SiteSEPTEMBRE2020-NEWVERSION-COB-03-1568x415.png 1568w, https:\/\/sitac.transdev-hdf.fr\/wp-content\/uploads\/2020\/10\/V2-PageVelin-SiteSEPTEMBRE2020-NEWVERSION-COB-03.png 1693w\" sizes=\"(max-width: 1024px) 100vw, 1024px\" \/><\/figure>\n\n\n\n<p>Libert\u00e9, simplicit\u00e9, convivialit\u00e9, partage\u2026 Le v\u00e9lo est un mode de transport \u00e9conomique, une fa\u00e7on moderne et pratique de se d\u00e9placer. Il favorise l\u2019intermodalit\u00e9, respecte l\u2019espace, facilite la circulation, lutte contre la pollution et encourage l\u2019activit\u00e9 physique des citadins. Le v\u00e9lo est un art de vivre la ville\u2026&nbsp;<\/p>\n\n\n\n<p>Sur un territoire urbanis\u00e9 comme celui de l\u2019agglom\u00e9ration calaisienne, le v\u00e9lo constitue aujourd\u2019hui une alternative \u00e0 la voiture dans le cadre des petits d\u00e9placements urbains. Il r\u00e9pond \u00e0 une demande de d\u00e9placements de courte distance et s\u2019inscrit dans la cha\u00eene de d\u00e9placements en compl\u00e9mentarit\u00e9 des autres modes de transport.&nbsp;<\/p>\n\n\n\n<h3 class=\"wp-block-heading\"><mark style=\"background-color:rgba(0, 0, 0, 0);color:#993467\" class=\"has-inline-color\">Comment \u00e7a marche?<\/mark><\/h3>\n\n\n\n<div class=\"wp-block-columns is-layout-flex wp-container-3\">\n<div class=\"wp-block-column is-layout-flow\">\n<h5 class=\"wp-block-heading has-text-align-left\"><strong>S&rsquo;ABONNER:<\/strong><\/h5>\n\n\n\n<ul>\n<li><mark style=\"background-color:rgba(0, 0, 0, 0);color:#5b6a74\" class=\"has-inline-color\">PAR INTERNET<\/mark><br>&#8211; Je me c<mark style=\"background-color:rgba(0, 0, 0, 0)\" class=\"has-inline-color has-dark-gray-color\">onnect<\/mark>e sur <strong><mark style=\"background-color:rgba(0, 0, 0, 0)\" class=\"has-inline-color has-dark-gray-color\">www.vel-in.fr<\/mark><\/strong>.<a rel=\"noreferrer noopener\" href=\"http:\/\/www.vel-in.fr\" target=\"_blank\"><img decoding=\"async\" loading=\"lazy\" width=\"47\" height=\"47\" class=\"wp-image-3139\" style=\"width: 47px;\" src=\"https:\/\/sitac.transdev-hdf.fr\/wp-content\/uploads\/2020\/10\/Cliquer-Ici.png\" alt=\"\"><\/a><br>&#8211; Je s\u00e9lectionne la rubrique \u00ab\u00a0je m&rsquo;abonne\u00a0\u00bb<br><\/li>\n\n\n\n<li><mark style=\"background-color:rgba(0, 0, 0, 0);color:#5b6a74\" class=\"has-inline-color\">A<\/mark>U CENTRE BUS<br>&#8211; Je me rends au Centre Bus (196 Rue Alphonse Huyghes \u00e0 Calais)<br>&#8211; Les agents commerciaux s&rsquo;occupent de tout.<\/li>\n<\/ul>\n<\/div>\n\n\n\n<div class=\"wp-block-column is-layout-flow\">\n<h5 class=\"wp-block-heading has-text-align-left\"><strong>LOUER &amp; ROULER:<\/strong><\/h5>\n\n\n\n<p>Pour utiliser un v\u00e9lo, rien de plus simple, a l&rsquo;une des <strong><mark style=\"background-color:rgba(0, 0, 0, 0)\" class=\"has-inline-color has-dark-gray-color\">80 stations.<\/mark><\/strong><br>&#8211; J&rsquo;active l\u2019\u00e9cran du boitier et je choisis l&rsquo;option adapt\u00e9e.<br>&#8211; Je m&rsquo;identifie avec mon t\u00e9l\u00e9phone portable ou avec ma carte v\u00e9l&rsquo;in (disponible au Centre Bus &#8211; 196 Rue Alphonse Huyghes \u00e0 Calais).<br>&#8211; Je choisis le v\u00e9lo que je souhaite utiliser<br>&#8211; Le v\u00e9lo est lib\u00e9r\u00e9<br>-je n&rsquo;oublie pas de noter le code de mon antivol<\/p>\n<\/div>\n<\/div>\n\n\n\n<h3 class=\"wp-block-heading has-text-align-center\"><strong><span class=\"has-inline-color\" style=\"color:#993467\">SERVICE DISPONIBLE 24H\/24 et 7 JOURS\/7<\/span><\/strong><\/h3>\n\n\n\n<div style=\"height:50px\" aria-hidden=\"true\" class=\"wp-block-spacer\"><\/div>\n\n\n\n<h3 class=\"wp-block-heading\"><mark style=\"background-color:rgba(0, 0, 0, 0);color:#993467\" class=\"has-inline-color\">Combien \u00e7a co\u00fbte?<\/mark><\/h3>\n\n\n\n<div class=\"wp-block-media-text alignwide is-stacked-on-mobile\"><figure class=\"wp-block-media-text__media\"><img decoding=\"async\" loading=\"lazy\" width=\"602\" height=\"398\" src=\"https:\/\/sitac.transdev-hdf.fr\/wp-content\/uploads\/2020\/09\/72DPI-PageVelin-SiteSEPTEMBRE2020-NEWVERSION-COB-05.png\" alt=\"\" class=\"wp-image-2751 size-full\" srcset=\"https:\/\/sitac.transdev-hdf.fr\/wp-content\/uploads\/2020\/09\/72DPI-PageVelin-SiteSEPTEMBRE2020-NEWVERSION-COB-05.png 602w, https:\/\/sitac.transdev-hdf.fr\/wp-content\/uploads\/2020\/09\/72DPI-PageVelin-SiteSEPTEMBRE2020-NEWVERSION-COB-05-300x198.png 300w\" sizes=\"(max-width: 602px) 100vw, 602px\" \/><\/figure><div class=\"wp-block-media-text__content\">\n<p>Bonne nouvelle ! Depuis le 1er juillet, votre abonnement V\u00e9l&rsquo;in inclut 60 minutes gratuites de trajet. Au-del\u00e0, les courses seront factur\u00e9es 2\u20ac par tranche de 60 mins suppl\u00e9mentaires.<\/p>\n\n\n\n<ul>\n<li><strong>Abonnement :<\/strong> <span style=\"color:#5b6a74\" class=\"has-inline-color\">Gratuit<\/span><\/li>\n\n\n\n<li><strong>1\u00e8re heure :<\/strong> <span style=\"color:#5b6a74\" class=\"has-inline-color\">Gratuite<\/span><\/li>\n\n\n\n<li><strong>Heure suppl\u00e9mentaire :<\/strong> <span style=\"color:#5b6a74\" class=\"has-inline-color\">2\u20ac<\/span><\/li>\n<\/ul>\n\n\n\n<p><strong><span style=\"color:#993467\" class=\"has-inline-color\">Conditions G\u00e9n\u00e9rales de Vente et d&rsquo;Utilisation du Service V\u00e9l&rsquo;in<\/span><\/strong> <a href=\"https:\/\/sitac.transdev-hdf.fr\/wp-content\/uploads\/2020\/10\/VELIN-CGUV.pdf\" data-type=\"URL\" data-id=\"https:\/\/sitac.transdev-hdf.fr\/wp-content\/uploads\/2020\/10\/VELIN-CGUV.pdf\" target=\"_blank\" rel=\"noreferrer noopener\"><img decoding=\"async\" loading=\"lazy\" width=\"28\" height=\"28\" class=\"wp-image-3165\" style=\"width: 28px;\" src=\"https:\/\/sitac.transdev-hdf.fr\/wp-content\/uploads\/2020\/10\/Logo-Telechargement.png\" alt=\"\"><\/a><\/p>\n<\/div><\/div>\n\n\n\n<div style=\"height:50px\" aria-hidden=\"true\" class=\"wp-block-spacer\"><\/div>\n\n\n\n<p>Plan des Stations sur Calais et Alentours :<\/p>\n\n\n\n<figure class=\"wp-block-image alignwide size-large is-style-default\"><a href=\"https:\/\/sitac.transdev-hdf.fr\/wp-content\/uploads\/2025\/05\/Calais-Imagin-Velo-2025-scaled.jpg\"><img decoding=\"async\" loading=\"lazy\" width=\"1024\" height=\"924\" src=\"https:\/\/sitac.transdev-hdf.fr\/wp-content\/uploads\/2025\/05\/Calais-Imagin-Velo-2025-1024x924.jpg\" alt=\"\" class=\"wp-image-8449\" srcset=\"https:\/\/sitac.transdev-hdf.fr\/wp-content\/uploads\/2025\/05\/Calais-Imagin-Velo-2025-1024x924.jpg 1024w, https:\/\/sitac.transdev-hdf.fr\/wp-content\/uploads\/2025\/05\/Calais-Imagin-Velo-2025-300x271.jpg 300w, https:\/\/sitac.transdev-hdf.fr\/wp-content\/uploads\/2025\/05\/Calais-Imagin-Velo-2025-768x693.jpg 768w, https:\/\/sitac.transdev-hdf.fr\/wp-content\/uploads\/2025\/05\/Calais-Imagin-Velo-2025-1536x1386.jpg 1536w, https:\/\/sitac.transdev-hdf.fr\/wp-content\/uploads\/2025\/05\/Calais-Imagin-Velo-2025-2048x1848.jpg 2048w, https:\/\/sitac.transdev-hdf.fr\/wp-content\/uploads\/2025\/05\/Calais-Imagin-Velo-2025-1568x1415.jpg 1568w\" sizes=\"(max-width: 1024px) 100vw, 1024px\" \/><\/a><\/figure>\n\n\n\n<p>Votre r\u00e9seau de transport se dote d\u2019une v\u00e9ritable application mobile pour vous accompagner dans vos d\u00e9placements du quotidien sur le territoire.&nbsp;<\/p>\n\n\n\n<p>L\u2019application Imag\u2019in,&nbsp;<strong><span style=\"color:#993467\" class=\"has-inline-color\">disponible au t\u00e9l\u00e9chargement sur les principaux stores<\/span><\/strong>, donne acc\u00e8s \u00e0 de multiples services de mobilit\u00e9 avec une information en temps r\u00e9el. &nbsp;<\/p>\n\n\n\n<p><strong><span style=\"color:#993467\" class=\"has-inline-color\">L\u2019application est gratuite et simple dans son utilisation et vous permet&nbsp;:<\/span><\/strong>&nbsp;d\u2019identifier les lignes, les arr\u00eats ou les stations v\u00e9los \u00e0 proximit\u00e9 de votre position, de consulter les horaires des bus, trains avec le temps d\u2019attente avant chaque d\u00e9part, d\u2019obtenir de d\u00e9tail de votre trajet \u00e0 l\u2019aide du calculateur d\u2019itin\u00e9raire, de suivre les infos trafic ou encore de consulter les offres d\u2019emploi du territoire, l\u2019agenda sorties et les lieux de restauration autour de votre position.&nbsp;<\/p>\n\n\n\n<div class=\"wp-block-buttons is-layout-flex\">\n<div class=\"wp-block-button\"><a class=\"wp-block-button__link has-white-color has-text-color has-background wp-element-button\" href=\"https:\/\/www.sitac-calais-opale-bus.fr\/page.php?rubrique=4&amp;id=lapplication-mobile\" style=\"background-color:#993467\" target=\"_blank\" rel=\"noreferrer noopener\">Appli Imag&rsquo;in<\/a><\/div>\n<\/div>\n","protected":false},"excerpt":{"rendered":"<p>Libert\u00e9, simplicit\u00e9, convivialit\u00e9, partage\u2026 Le v\u00e9lo est un mode de transport \u00e9conomique, une fa\u00e7on moderne et pratique de se d\u00e9placer. Il favorise l\u2019intermodalit\u00e9, respecte l\u2019espace, facilite la circulation, lutte contre la pollution et encourage l\u2019activit\u00e9 physique des citadins. Le v\u00e9lo est un art de vivre la ville\u2026&nbsp; Sur un territoire urbanis\u00e9 comme celui de l\u2019agglom\u00e9ration &hellip; <\/p>\n<p class=\"link-more\"><a href=\"https:\/\/sitac.transdev-hdf.fr\/index.php\/mes-services\/les-velin\/\" class=\"more-link\">Continuer la lecture <span class=\"screen-reader-text\"> \u00ab\u00a0Les Vel&rsquo;in\u00a0\u00bb<\/span><\/a><\/p>\n","protected":false},"author":1,"featured_media":0,"parent":2723,"menu_order":5,"comment_status":"closed","ping_status":"closed","template":"","meta":{"_expiration-date-status":"","_expiration-date":0,"_expiration-date-type":"","_expiration-date-categories":[],"_expiration-date-options":[]},"_links":{"self":[{"href":"https:\/\/sitac.transdev-hdf.fr\/index.php\/wp-json\/wp\/v2\/pages\/1495"}],"collection":[{"href":"https:\/\/sitac.transdev-hdf.fr\/index.php\/wp-json\/wp\/v2\/pages"}],"about":[{"href":"https:\/\/sitac.transdev-hdf.fr\/index.php\/wp-json\/wp\/v2\/types\/page"}],"author":[{"embeddable":true,"href":"https:\/\/sitac.transdev-hdf.fr\/index.php\/wp-json\/wp\/v2\/users\/1"}],"replies":[{"embeddable":true,"href":"https:\/\/sitac.transdev-hdf.fr\/index.php\/wp-json\/wp\/v2\/comments?post=1495"}],"version-history":[{"count":99,"href":"https:\/\/sitac.transdev-hdf.fr\/index.php\/wp-json\/wp\/v2\/pages\/1495\/revisions"}],"predecessor-version":[{"id":8452,"href":"https:\/\/sitac.transdev-hdf.fr\/index.php\/wp-json\/wp\/v2\/pages\/1495\/revisions\/8452"}],"up":[{"embeddable":true,"href":"https:\/\/sitac.transdev-hdf.fr\/index.php\/wp-json\/wp\/v2\/pages\/2723"}],"wp:attachment":[{"href":"https:\/\/sitac.transdev-hdf.fr\/index.php\/wp-json\/wp\/v2\/media?parent=1495"}],"curies":[{"name":"wp","href":"https:\/\/api.w.org\/{rel}","templated":true}]}}