{"id":5197,"date":"2022-06-07T09:18:57","date_gmt":"2022-06-07T09:18:57","guid":{"rendered":"https:\/\/sitac.transdev-hdf.fr\/?page_id=5197"},"modified":"2026-01-09T08:34:18","modified_gmt":"2026-01-09T08:34:18","slug":"lignes-regulieres-hiver","status":"publish","type":"page","link":"https:\/\/sitac.transdev-hdf.fr\/index.php\/mes-services\/les-lignes-regulieres\/lignes-regulieres-hiver\/","title":{"rendered":"Lignes R\u00e9guli\u00e8res Hiver"},"content":{"rendered":"\n<div class=\"wp-block-group is-layout-flow\"><div class=\"wp-block-group__inner-container\">\n<div class=\"wp-block-group is-layout-flow\"><div class=\"wp-block-group__inner-container\">\n<div class=\"wp-block-group is-layout-flow\"><div class=\"wp-block-group__inner-container\">\n<figure class=\"wp-block-image alignwide size-large\"><img decoding=\"async\" loading=\"lazy\" width=\"1024\" height=\"271\" src=\"https:\/\/sitac.transdev-hdf.fr\/wp-content\/uploads\/2020\/09\/RubriqueMesServices-SiteSEPTEMBRE2020-NEWVERSION-COB-02-1024x271.jpg\" alt=\"\" class=\"wp-image-2851\" srcset=\"https:\/\/sitac.transdev-hdf.fr\/wp-content\/uploads\/2020\/09\/RubriqueMesServices-SiteSEPTEMBRE2020-NEWVERSION-COB-02-1024x271.jpg 1024w, https:\/\/sitac.transdev-hdf.fr\/wp-content\/uploads\/2020\/09\/RubriqueMesServices-SiteSEPTEMBRE2020-NEWVERSION-COB-02-300x79.jpg 300w, https:\/\/sitac.transdev-hdf.fr\/wp-content\/uploads\/2020\/09\/RubriqueMesServices-SiteSEPTEMBRE2020-NEWVERSION-COB-02-768x203.jpg 768w, https:\/\/sitac.transdev-hdf.fr\/wp-content\/uploads\/2020\/09\/RubriqueMesServices-SiteSEPTEMBRE2020-NEWVERSION-COB-02-1536x406.jpg 1536w, https:\/\/sitac.transdev-hdf.fr\/wp-content\/uploads\/2020\/09\/RubriqueMesServices-SiteSEPTEMBRE2020-NEWVERSION-COB-02-1568x415.jpg 1568w, https:\/\/sitac.transdev-hdf.fr\/wp-content\/uploads\/2020\/09\/RubriqueMesServices-SiteSEPTEMBRE2020-NEWVERSION-COB-02.jpg 1693w\" sizes=\"(max-width: 1024px) 100vw, 1024px\" \/><\/figure>\n<\/div><\/div>\n<\/div><\/div>\n\n\n\n<p><\/p>\n<\/div><\/div>\n\n\n\n<div class=\"wp-block-group is-layout-flow\"><div class=\"wp-block-group__inner-container\"><\/div><\/div>\n\n\n\n<div class=\"wp-block-group alignwide is-layout-flow\"><div class=\"wp-block-group__inner-container\">\n<div class=\"wp-block-group alignwide is-layout-flow\"><div class=\"wp-block-group__inner-container\">\n<p><\/p>\n\n\n\n<div class=\"wp-block-group alignwide is-layout-flow\"><div class=\"wp-block-group__inner-container\">\n<div class=\"wp-block-group alignwide is-layout-flow\"><div class=\"wp-block-group__inner-container\">\n<div class=\"wp-block-group alignwide is-layout-flow\"><div class=\"wp-block-group__inner-container\">\n<div class=\"wp-block-group alignwide is-layout-flow\"><div class=\"wp-block-group__inner-container\">\n<div class=\"wp-block-media-text alignwide is-stacked-on-mobile\" style=\"grid-template-columns:15% auto\"><figure class=\"wp-block-media-text__media\"><img decoding=\"async\" loading=\"lazy\" width=\"165\" height=\"142\" src=\"https:\/\/sitac.transdev-hdf.fr\/wp-content\/uploads\/2020\/09\/GoutteLigne1_Hiver2020.png\" alt=\"\" class=\"wp-image-2917 size-full\"\/><\/figure><div class=\"wp-block-media-text__content\">\n<p class=\"has-text-align-left\"><mark style=\"background-color:rgba(0, 0, 0, 0);color:#107934\" class=\"has-inline-color\"><strong>Rond Point d\u2019Oye &lt;> Marck &lt;> Beau Marais &lt;> C.Cial Mi-Voix &lt;> Th\u00e9\u00e2tre &lt;> Fort Nieulay&lt;> La Fran\u00e7aise &lt;> Coquelles&lt;>\u00a0Place de Cantorbery<\/strong><\/mark><br><strong><mark style=\"background-color:rgba(0, 0, 0, 0);color:#03650b\" class=\"has-inline-color\">Marck A\u00e9rodrome &lt;> Les Dryades &lt;> Marcel Doret &lt;> Utrillo &lt;> Th\u00e9\u00e2tre &lt;>\u00a0Fort Nieulay &lt;> La Fran\u00e7aise &lt;> Coquelles &lt;> Place de Cantorbery<\/mark><\/strong><\/p>\n\n\n\n<div class=\"wp-block-buttons is-content-justification-left is-layout-flex wp-container-5\">\n<div class=\"wp-block-button\"><a class=\"wp-block-button__link has-background wp-element-button\" href=\"https:\/\/sitac.transdev-hdf.fr\/wp-content\/uploads\/2025\/07\/L1_SEMAINE_GBHIVER2025.pdf\" style=\"background-color:#993467\" target=\"_blank\" rel=\"noreferrer noopener\"><strong>Plan et Horaires<\/strong> Semaine<\/a><\/div>\n\n\n\n<div class=\"wp-block-button\"><a class=\"wp-block-button__link has-background wp-element-button\" href=\"https:\/\/sitac.transdev-hdf.fr\/wp-content\/uploads\/2025\/07\/L1_DIMANCHES_JrsFERIES_GBHIVER2025.pdf\" style=\"background-color:#993467\" target=\"_blank\" rel=\"noreferrer noopener\"><strong>Plan et Horaires<\/strong> Dimanches et Jours F\u00e9ri\u00e9s<\/a><\/div>\n<\/div>\n\n\n\n<p><\/p>\n<\/div><\/div>\n\n\n\n<p><\/p>\n<\/div><\/div>\n\n\n\n<p><\/p>\n<\/div><\/div>\n<\/div><\/div>\n<\/div><\/div>\n<\/div><\/div>\n<\/div><\/div>\n\n\n\n<div class=\"wp-block-media-text alignwide is-stacked-on-mobile is-vertically-aligned-center\" style=\"grid-template-columns:15% auto\"><figure class=\"wp-block-media-text__media\"><img decoding=\"async\" loading=\"lazy\" width=\"165\" height=\"142\" src=\"https:\/\/sitac.transdev-hdf.fr\/wp-content\/uploads\/2020\/09\/GoutteLigne2_Hiver2020.png\" alt=\"\" class=\"wp-image-2915 size-full\"\/><\/figure><div class=\"wp-block-media-text__content\">\n<p class=\"has-text-align-left\"><mark style=\"background-color:rgba(0, 0, 0, 0);color:#e30917\" class=\"has-inline-color\"><strong>La Roseli\u00e8re &lt;> C. Cial Mi-Voix &lt;> Petit Courgain &lt;> Mollien &lt;> Gare &lt;> Centre Ville &lt;> Zone Curie &lt;> Lyc\u00e9e du D\u00e9troit<\/strong><\/mark><\/p>\n\n\n\n<div class=\"wp-block-buttons is-layout-flex\">\n<div class=\"wp-block-button\"><a class=\"wp-block-button__link has-white-color has-text-color has-background wp-element-button\" href=\"https:\/\/sitac.transdev-hdf.fr\/wp-content\/uploads\/2025\/07\/L2_SEMAINE_GBHIVER2025.pdf\" style=\"background-color:#993467\" target=\"_blank\" rel=\"noreferrer noopener\"><strong><strong>Plan et Horaires<\/strong><\/strong> Semaine<\/a><\/div>\n\n\n\n<div class=\"wp-block-button\"><a class=\"wp-block-button__link has-white-color has-text-color has-background wp-element-button\" href=\"https:\/\/sitac.transdev-hdf.fr\/wp-content\/uploads\/2025\/07\/L2_DIMANCHES_JrsFERIES_GBHIVER2025.pdf\" style=\"background-color:#993467\" target=\"_blank\" rel=\"noreferrer noopener\"><strong><strong>Plan et Horaires<\/strong><\/strong> Dimanches et Jours F\u00e9ri\u00e9s<\/a><\/div>\n<\/div>\n\n\n\n<p><\/p>\n<\/div><\/div>\n\n\n\n<div class=\"wp-block-media-text alignwide is-stacked-on-mobile is-vertically-aligned-center\" style=\"grid-template-columns:15% auto\"><figure class=\"wp-block-media-text__media\"><img decoding=\"async\" loading=\"lazy\" width=\"165\" height=\"142\" src=\"https:\/\/sitac.transdev-hdf.fr\/wp-content\/uploads\/2020\/09\/GoutteLigne3_Hiver2020.png\" alt=\"\" class=\"wp-image-2919 size-full\"\/><\/figure><div class=\"wp-block-media-text__content\">\n<p class=\"has-text-align-left\"><mark style=\"background-color:rgba(0, 0, 0, 0);color:#003399\" class=\"has-inline-color\"><strong>Cliniques du Virval &lt;> Virval &lt;> Curie &lt;> Centre Ville &lt;> Gare SNCF &lt;> Calais Nord &lt;> Bl\u00e9riot &lt;> C. Cial La Fran\u00e7aise<\/strong><\/mark><\/p>\n\n\n\n<div class=\"wp-block-buttons is-content-justification-left is-layout-flex wp-container-13\">\n<div class=\"wp-block-button\"><a class=\"wp-block-button__link has-background wp-element-button\" href=\"https:\/\/sitac.transdev-hdf.fr\/wp-content\/uploads\/2025\/07\/L3_SEMAINE_GBHIVER2025.pdf\" style=\"background-color:#993467\" target=\"_blank\" rel=\"noreferrer noopener\"><strong><strong>Plan et Horaires<\/strong><\/strong> Semaine<\/a><\/div>\n\n\n\n<div class=\"wp-block-button\"><a class=\"wp-block-button__link has-background wp-element-button\" href=\"https:\/\/sitac.transdev-hdf.fr\/wp-content\/uploads\/2025\/07\/L3_DIMANCHES_JrsFERIES_GBHIVER2025.pdf\" style=\"background-color:#993467\" target=\"_blank\" rel=\"noreferrer noopener\"><strong><strong>Plan et Horaires<\/strong><\/strong> Dimanches et Jours F\u00e9ri\u00e9s<\/a><\/div>\n<\/div>\n\n\n\n<p><\/p>\n<\/div><\/div>\n\n\n\n<div class=\"wp-block-media-text alignwide is-stacked-on-mobile is-vertically-aligned-center\" style=\"grid-template-columns:15% auto\"><figure class=\"wp-block-media-text__media\"><img decoding=\"async\" loading=\"lazy\" width=\"165\" height=\"142\" src=\"https:\/\/sitac.transdev-hdf.fr\/wp-content\/uploads\/2020\/09\/GoutteLigne4_Hiver2020.png\" alt=\"\" class=\"wp-image-2928 size-full\"\/><\/figure><div class=\"wp-block-media-text__content\">\n<p class=\"has-text-align-left\"><mark style=\"background-color:rgba(0, 0, 0, 0);color:#ff9900\" class=\"has-inline-color\"><strong>La Fran\u00e7aise &lt;> Fort Nieulay &lt;> Coubertin &lt;> Gare &lt;> Avenue Bl\u00e9riot &lt;> Zone Universitaire &lt;> C. Cial Mi-Voix &lt;> Utrillo<\/strong><\/mark><\/p>\n\n\n\n<div class=\"wp-block-buttons is-content-justification-left is-layout-flex wp-container-14\">\n<div class=\"wp-block-button\"><a class=\"wp-block-button__link has-background wp-element-button\" href=\"https:\/\/sitac.transdev-hdf.fr\/wp-content\/uploads\/2025\/07\/L4_SEMAINE_GBHIVER2025-1-1.pdf\" style=\"background-color:#993467\" target=\"_blank\" rel=\"noreferrer noopener\"><strong><strong>Plan et Horaires<\/strong><\/strong> Semaine<\/a><\/div>\n\n\n\n<div class=\"wp-block-button\"><a class=\"wp-block-button__link has-background wp-element-button\" href=\"https:\/\/sitac.transdev-hdf.fr\/wp-content\/uploads\/2025\/07\/L4_DIMANCHES_JrsFERIES_GBHIVER2025.pdf\" style=\"background-color:#993467\" target=\"_blank\" rel=\"noreferrer noopener\"><strong><strong>Plan et Horaires<\/strong><\/strong> Dimanches et Jours F\u00e9ri\u00e9s<\/a><\/div>\n<\/div>\n\n\n\n<p><\/p>\n<\/div><\/div>\n\n\n\n<div class=\"wp-block-media-text alignwide is-stacked-on-mobile is-vertically-aligned-center\" style=\"grid-template-columns:15% auto\"><figure class=\"wp-block-media-text__media\"><img decoding=\"async\" loading=\"lazy\" width=\"165\" height=\"139\" src=\"https:\/\/sitac.transdev-hdf.fr\/wp-content\/uploads\/2020\/09\/GoutteLigne5_Hiver2020.png\" alt=\"\" class=\"wp-image-2937 size-full\"\/><\/figure><div class=\"wp-block-media-text__content\">\n<p class=\"has-text-align-left\"><mark style=\"background-color:rgba(0, 0, 0, 0);color:#66cccc\" class=\"has-inline-color\"><strong>Gare &lt;> Calais Nord &lt;> Front de mer &lt;> Camp. de Calais &lt;> Camp. de Bl\u00e9riot &lt;> Sangatte &lt;> Escalles &lt;> Haute-Escalles<\/strong><\/mark> <\/p>\n\n\n\n<div class=\"wp-block-buttons is-content-justification-left is-layout-flex wp-container-15\">\n<div class=\"wp-block-button\"><a class=\"wp-block-button__link has-background wp-element-button\" href=\"https:\/\/sitac.transdev-hdf.fr\/wp-content\/uploads\/2025\/07\/L5_SEMAINE_GBHIVER2025.pdf\" style=\"background-color:#993467\" target=\"_blank\" rel=\"noreferrer noopener\"><strong><strong>Plan et Horaires<\/strong><\/strong> Semaine, Dimanches et Jours F\u00e9ri\u00e9s<\/a><\/div>\n<\/div>\n\n\n\n<p><\/p>\n<\/div><\/div>\n\n\n\n<div class=\"wp-block-media-text alignwide is-stacked-on-mobile is-vertically-aligned-center\" style=\"grid-template-columns:15% auto\"><figure class=\"wp-block-media-text__media\"><img decoding=\"async\" loading=\"lazy\" width=\"165\" height=\"142\" src=\"https:\/\/sitac.transdev-hdf.fr\/wp-content\/uploads\/2020\/09\/GoutteLigne6_Hiver2020.png\" alt=\"\" class=\"wp-image-2940 size-full\"\/><\/figure><div class=\"wp-block-media-text__content\">\n<p class=\"has-text-align-left\"><mark style=\"background-color:rgba(0, 0, 0, 0)\" class=\"has-inline-color has-dark-gray-color\"><strong>Gare &lt;> Pont du Leu &lt;> Coulogne &lt;> Route de Gu\u00eenes &lt;> Gu\u00eenes &lt;> Hames Boucres &lt;> Saint Tricat &lt;> Nielles-L\u00e8s-Calais &lt;> Fr\u00e9thun &lt;> Coquelles &lt;> Pont de Leu &lt;> Gare<\/strong><\/mark><\/p>\n\n\n\n<div class=\"wp-block-buttons is-content-justification-left is-layout-flex wp-container-16\">\n<div class=\"wp-block-button\"><a class=\"wp-block-button__link has-background wp-element-button\" href=\"https:\/\/sitac.transdev-hdf.fr\/wp-content\/uploads\/2025\/07\/L6_SEMAINE_GBHIVER2025.pdf\" style=\"background-color:#993467\" target=\"_blank\" rel=\"noreferrer noopener\"><strong><strong>Plan et Horaires<\/strong><\/strong> Semaine<\/a><\/div>\n\n\n\n<div class=\"wp-block-button\"><a class=\"wp-block-button__link has-background wp-element-button\" href=\"https:\/\/sitac.transdev-hdf.fr\/wp-content\/uploads\/2025\/07\/L6_DIMANCHES_JrsFERIES_GBHIVER2025.pdf\" style=\"background-color:#993467\" target=\"_blank\" rel=\"noreferrer noopener\"><strong><strong>Plan et Horaires<\/strong><\/strong> Dimanches et Jours F\u00e9ri\u00e9s<\/a><\/div>\n\n\n\n<div class=\"wp-block-button\"><a class=\"wp-block-button__link has-background wp-element-button\" href=\"https:\/\/sitac.transdev-hdf.fr\/wp-content\/uploads\/2026\/01\/Modif_L6_JAN2026_DEF.pdf\" style=\"background-color:#993467\" target=\"_blank\" rel=\"noreferrer noopener\"><strong><strong>Plan et Horaires<\/strong><\/strong> A compter du 12\/01\/26<\/a><\/div>\n<\/div>\n\n\n\n<p><\/p>\n<\/div><\/div>\n\n\n\n<div class=\"wp-block-media-text alignwide is-stacked-on-mobile is-vertically-aligned-center\" style=\"grid-template-columns:15% auto\"><figure class=\"wp-block-media-text__media\"><img decoding=\"async\" loading=\"lazy\" width=\"165\" height=\"142\" src=\"https:\/\/sitac.transdev-hdf.fr\/wp-content\/uploads\/2020\/09\/GoutteLigne7_Hiver2020.png\" alt=\"\" class=\"wp-image-2942 size-full\"\/><\/figure><div class=\"wp-block-media-text__content\">\n<p class=\"has-text-align-left\"><mark style=\"background-color:rgba(0, 0, 0, 0);color:#996600\" class=\"has-inline-color\"><strong>Coubertin &lt;> Gare &lt;> Th\u00e9\u00e2tre &lt;> Berthelot &lt;> Cailloux &lt;> Pont du Leu &lt;> Coulogne &lt;> Clinique du Virval &lt;> Ch. Castres &lt;> Av. Bl\u00e9riot &lt;> Nation &lt;> Lafayette &lt;> Gare &lt;> Coubertin<\/strong><\/mark><\/p>\n\n\n\n<div class=\"wp-block-buttons is-content-justification-left is-layout-flex wp-container-17\">\n<div class=\"wp-block-button\"><a class=\"wp-block-button__link has-background wp-element-button\" href=\"https:\/\/sitac.transdev-hdf.fr\/wp-content\/uploads\/2025\/10\/L7_SEMAINE_GBHIVER2025-v2.pdf\" style=\"background-color:#993467\" target=\"_blank\" rel=\"noreferrer noopener\">Plan et Horaires Semaine<\/a><\/div>\n\n\n\n<div class=\"wp-block-button\"><a class=\"wp-block-button__link has-background wp-element-button\" href=\"https:\/\/sitac.transdev-hdf.fr\/wp-content\/uploads\/2025\/10\/L7_DIMANCHES_JrsFERIES_GBHIVER2025-v2.pdf\" style=\"background-color:#993467\" target=\"_blank\" rel=\"noreferrer noopener\">Plan et Horaires Dimanches et Jours F\u00e9ri\u00e9s<\/a><\/div>\n<\/div>\n<\/div><\/div>\n\n\n\n<div class=\"wp-block-media-text alignwide is-stacked-on-mobile is-vertically-aligned-center\" style=\"grid-template-columns:15% auto\"><figure class=\"wp-block-media-text__media\"><img decoding=\"async\" loading=\"lazy\" width=\"165\" height=\"142\" src=\"https:\/\/sitac.transdev-hdf.fr\/wp-content\/uploads\/2020\/09\/GoutteLigne8_Hiver2020.png\" alt=\"\" class=\"wp-image-2945 size-full\"\/><\/figure><div class=\"wp-block-media-text__content\">\n<p class=\"has-text-align-left\"><mark style=\"background-color:rgba(0, 0, 0, 0);color:#99cc66\" class=\"has-inline-color\"><strong>ZAC Cailloux\u00a0 &lt;> Fort Nieulay &lt;> Coubertin &lt;> Gare &lt;> Nation &lt;> Virval &lt;> Coulogne Centre &lt;> Les Attaques Contre Halage<\/strong><\/mark><\/p>\n\n\n\n<div class=\"wp-block-buttons is-content-justification-left is-layout-flex wp-container-18\">\n<div class=\"wp-block-button\"><a class=\"wp-block-button__link has-background wp-element-button\" href=\"https:\/\/sitac.transdev-hdf.fr\/wp-content\/uploads\/2025\/07\/L8_SEMAINE_GBHIVER2025.pdf\" style=\"background-color:#993467\" target=\"_blank\" rel=\"noreferrer noopener\"><strong><strong>Plan et Horaires<\/strong><\/strong> Semaine<\/a><\/div>\n\n\n\n<div class=\"wp-block-button\"><a class=\"wp-block-button__link has-background wp-element-button\" href=\"https:\/\/sitac.transdev-hdf.fr\/wp-content\/uploads\/2025\/07\/L8_DIMANCHES_JrsFERIES_GBHIVER2025.pdf\" style=\"background-color:#993467\" target=\"_blank\" rel=\"noreferrer noopener\"><strong><strong>Plan et Horaires<\/strong><\/strong> Dimanches et Jours F\u00e9ri\u00e9s<\/a><\/div>\n<\/div>\n\n\n\n<p><\/p>\n<\/div><\/div>\n\n\n\n<div class=\"wp-block-media-text alignwide is-stacked-on-mobile is-vertically-aligned-center\" style=\"grid-template-columns:15% auto\"><figure class=\"wp-block-media-text__media\"><img decoding=\"async\" loading=\"lazy\" width=\"165\" height=\"142\" src=\"https:\/\/sitac.transdev-hdf.fr\/wp-content\/uploads\/2020\/09\/GoutteLigne10_Hiver2020.png\" alt=\"\" class=\"wp-image-2960 size-full\"\/><\/figure><div class=\"wp-block-media-text__content\">\n<p class=\"has-text-align-left\"><mark style=\"background-color:rgba(0, 0, 0, 0);color:#ff6699\" class=\"has-inline-color\"><strong>Palominos &lt;> Hemmes de Marck &lt;> Fort Vert &lt;> Zone des Dunes &lt;> Petit Courgain &lt;> Piscine Patinoire &lt;> C. Cial Mi-Voix &lt;> La Roseli\u00e8re<\/strong><\/mark><\/p>\n\n\n\n<div class=\"wp-block-buttons is-content-justification-left is-layout-flex wp-container-19\">\n<div class=\"wp-block-button is-style-fill\"><a class=\"wp-block-button__link has-background wp-element-button\" href=\"https:\/\/sitac.transdev-hdf.fr\/wp-content\/uploads\/2025\/07\/L10_SEMAINE_GBHIVER2025.pdf\" style=\"background-color:#993467\" target=\"_blank\" rel=\"noreferrer noopener\"><strong>Plan et Horaires<\/strong><\/a><\/div>\n<\/div>\n\n\n\n<p><\/p>\n<\/div><\/div>\n\n\n\n<div class=\"wp-block-media-text alignwide is-stacked-on-mobile is-vertically-aligned-center\" style=\"grid-template-columns:15% auto\"><figure class=\"wp-block-media-text__media\"><img decoding=\"async\" loading=\"lazy\" width=\"110\" height=\"94\" src=\"https:\/\/sitac.transdev-hdf.fr\/wp-content\/uploads\/2020\/04\/GoutteLigne11.png\" alt=\"\" class=\"wp-image-1072 size-full\"\/><\/figure><div class=\"wp-block-media-text__content\">\n<p class=\"has-text-align-left\"><mark style=\"background-color:rgba(0, 0, 0, 0);color:#999999\" class=\"has-inline-color\"><strong>Palominos &lt;> Hemmes de Marck &lt;> Fort Vert &lt;> Marck Mairie<\/strong><\/mark><\/p>\n\n\n\n<div class=\"wp-block-buttons is-content-justification-left is-layout-flex wp-container-20\">\n<div class=\"wp-block-button is-style-fill\"><a class=\"wp-block-button__link has-background wp-element-button\" href=\"https:\/\/sitac.transdev-hdf.fr\/wp-content\/uploads\/2025\/07\/PROXIN_11_GBHIVER2025.pdf\" style=\"background-color:#993467\" target=\"_blank\" rel=\"noreferrer noopener\"><strong>Plan et Horaires<\/strong> Prox&rsquo;In 11<\/a><\/div>\n<\/div>\n\n\n\n<p><\/p>\n<\/div><\/div>\n\n\n\n<div class=\"wp-block-media-text alignwide is-stacked-on-mobile is-vertically-aligned-center\" style=\"grid-template-columns:15% auto\"><figure class=\"wp-block-media-text__media\"><img decoding=\"async\" loading=\"lazy\" width=\"110\" height=\"94\" src=\"https:\/\/sitac.transdev-hdf.fr\/wp-content\/uploads\/2023\/07\/GoutteLigne12_Hiver2019.png\" alt=\"\" class=\"wp-image-6306 size-full\"\/><\/figure><div class=\"wp-block-media-text__content\">\n<p class=\"has-text-align-left\"><mark style=\"background-color:rgba(0, 0, 0, 0);color:#f79520\" class=\"has-inline-color\"><strong>Gare TGV Fr\u00e9thun &lt;> ZAC Eurotunnel &lt;> Centre Hospitalier<\/strong><\/mark><\/p>\n\n\n\n<div class=\"wp-block-buttons is-content-justification-left is-layout-flex wp-container-21\">\n<div class=\"wp-block-button is-style-fill\"><a class=\"wp-block-button__link has-background wp-element-button\" href=\"https:\/\/sitac.transdev-hdf.fr\/wp-content\/uploads\/2025\/07\/PROXIN_12_GBHIVER2025.pdf\" style=\"background-color:#993467\" target=\"_blank\" rel=\"noreferrer noopener\"><strong>Plan et Horaires<\/strong> Semaine<\/a><\/div>\n<\/div>\n\n\n\n<p><\/p>\n<\/div><\/div>\n\n\n\n<div class=\"wp-block-media-text alignwide is-stacked-on-mobile is-vertically-aligned-center\" style=\"grid-template-columns:15% auto\"><figure class=\"wp-block-media-text__media\"><img decoding=\"async\" loading=\"lazy\" width=\"110\" height=\"94\" src=\"https:\/\/sitac.transdev-hdf.fr\/wp-content\/uploads\/2020\/09\/GoutteLigne13-01.2020.png\" alt=\"\" class=\"wp-image-2962 size-full\"\/><\/figure><div class=\"wp-block-media-text__content\">\n<p class=\"has-text-align-left\"><mark style=\"background-color:rgba(0, 0, 0, 0);color:#6ecff6\" class=\"has-inline-color\"><strong>Gare &lt;> Cit\u00e9 Europe &lt;> Coquelles &lt;> Peuplingues &lt;> Bonningues-Les-Calais &lt;> Pihen-Les-Gu\u00eenes &lt;> Hames Boucres &lt;> Gu\u00eenes &lt;> Place des Poilus<\/strong><\/mark><\/p>\n\n\n\n<div class=\"wp-block-buttons is-content-justification-left is-layout-flex wp-container-22\">\n<div class=\"wp-block-button\"><a class=\"wp-block-button__link has-background wp-element-button\" href=\"https:\/\/sitac.transdev-hdf.fr\/wp-content\/uploads\/2025\/07\/L13_SEMAINE_GBHIVER2025.pdf\" style=\"background-color:#993467\" target=\"_blank\" rel=\"noreferrer noopener\"><strong><strong>Plan et Horaires<\/strong><\/strong> Semaine<\/a><\/div>\n\n\n\n<div class=\"wp-block-button\"><a class=\"wp-block-button__link has-background wp-element-button\" href=\"https:\/\/sitac.transdev-hdf.fr\/wp-content\/uploads\/2025\/07\/L13_DIMANCHES_JrsFERIES_GBHIVER2025.pdf\" style=\"background-color:#993467\" target=\"_blank\" rel=\"noreferrer noopener\"><strong><strong>Plan et Horaires<\/strong><\/strong> Dimanches et Jours F\u00e9ri\u00e9s<\/a><\/div>\n<\/div>\n<\/div><\/div>\n\n\n\n<div class=\"wp-block-media-text alignwide is-stacked-on-mobile is-vertically-aligned-center\" style=\"grid-template-columns:15% auto\"><figure class=\"wp-block-media-text__media\"><img decoding=\"async\" loading=\"lazy\" width=\"130\" height=\"90\" src=\"https:\/\/sitac.transdev-hdf.fr\/wp-content\/uploads\/2020\/04\/LogoMajestin.png\" alt=\"\" class=\"wp-image-1081 size-full\"\/><\/figure><div class=\"wp-block-media-text__content\">\n<p class=\"has-text-align-left\"><strong><span class=\"has-inline-color has-light-gray-color\">George V &lt;&gt; Meuse &lt;&gt; Cite de la Dentelle &lt;&gt; Nation &lt;&gt; Pont de Coulogne<\/span><\/strong><\/p>\n\n\n\n<div class=\"wp-block-buttons is-content-justification-left is-layout-flex wp-container-23\">\n<div class=\"wp-block-button\"><a class=\"wp-block-button__link has-background wp-element-button\" href=\"https:\/\/sitac.transdev-hdf.fr\/wp-content\/uploads\/2025\/09\/MAJESTIN2025-2026.pdf\" style=\"background-color:#993467\" target=\"_blank\" rel=\"noreferrer noopener\"><strong><strong>Plan et Horaires<\/strong><\/strong><\/a><\/div>\n<\/div>\n\n\n\n<p><\/p>\n<\/div><\/div>\n\n\n\n<div class=\"wp-block-media-text alignwide is-stacked-on-mobile is-vertically-aligned-center\" style=\"grid-template-columns:15% auto\"><figure class=\"wp-block-media-text__media\"><img decoding=\"async\" loading=\"lazy\" width=\"1024\" height=\"423\" src=\"https:\/\/sitac.transdev-hdf.fr\/wp-content\/uploads\/2022\/08\/Logo-Baladin-2021-1024x423.jpg\" alt=\"\" class=\"wp-image-5662 size-full\" srcset=\"https:\/\/sitac.transdev-hdf.fr\/wp-content\/uploads\/2022\/08\/Logo-Baladin-2021-1024x423.jpg 1024w, https:\/\/sitac.transdev-hdf.fr\/wp-content\/uploads\/2022\/08\/Logo-Baladin-2021-300x124.jpg 300w, https:\/\/sitac.transdev-hdf.fr\/wp-content\/uploads\/2022\/08\/Logo-Baladin-2021-768x317.jpg 768w, https:\/\/sitac.transdev-hdf.fr\/wp-content\/uploads\/2022\/08\/Logo-Baladin-2021-1536x634.jpg 1536w, https:\/\/sitac.transdev-hdf.fr\/wp-content\/uploads\/2022\/08\/Logo-Baladin-2021-2048x845.jpg 2048w, https:\/\/sitac.transdev-hdf.fr\/wp-content\/uploads\/2022\/08\/Logo-Baladin-2021-1568x647.jpg 1568w\" sizes=\"(max-width: 1024px) 100vw, 1024px\" \/><\/figure><div class=\"wp-block-media-text__content\">\n<p class=\"has-text-align-left\"><strong><mark style=\"background-color:rgba(0, 0, 0, 0)\" class=\"has-inline-color has-light-gray-color\">Vic &lt;&gt; Lafayette &lt;&gt; Gare &lt;&gt; Pl. d&rsquo;Armes &lt;&gt; Ferry <\/mark><\/strong><\/p>\n\n\n\n<div class=\"wp-block-buttons is-content-justification-left is-layout-flex wp-container-24\">\n<div class=\"wp-block-button\"><a class=\"wp-block-button__link has-background wp-element-button\" href=\"https:\/\/sitac.transdev-hdf.fr\/wp-content\/uploads\/2025\/07\/BALADIN_GBHIVER2025.pdf\" style=\"background-color:#993467\" target=\"_blank\" rel=\"noreferrer noopener\"><strong><strong>Plan et Horaires<\/strong><\/strong><\/a><\/div>\n<\/div>\n\n\n\n<p><\/p>\n<\/div><\/div>\n\n\n\n<div class=\"wp-block-group is-layout-flow\"><div class=\"wp-block-group__inner-container\"><\/div><\/div>\n\n\n\n<p><\/p>\n","protected":false},"excerpt":{"rendered":"<p>Rond Point d\u2019Oye &lt;> Marck &lt;> Beau Marais &lt;> C.Cial Mi-Voix &lt;> Th\u00e9\u00e2tre &lt;> Fort Nieulay&lt;> La Fran\u00e7aise &lt;> Coquelles&lt;>\u00a0Place de CantorberyMarck A\u00e9rodrome &lt;> Les Dryades &lt;> Marcel Doret &lt;> Utrillo &lt;> Th\u00e9\u00e2tre &lt;>\u00a0Fort Nieulay &lt;> La Fran\u00e7aise &lt;> Coquelles &lt;> Place de Cantorbery<\/p>\n","protected":false},"author":1,"featured_media":0,"parent":4206,"menu_order":2,"comment_status":"closed","ping_status":"closed","template":"","meta":{"_expiration-date-status":"","_expiration-date":0,"_expiration-date-type":"","_expiration-date-categories":[],"_expiration-date-options":[]},"_links":{"self":[{"href":"https:\/\/sitac.transdev-hdf.fr\/index.php\/wp-json\/wp\/v2\/pages\/5197"}],"collection":[{"href":"https:\/\/sitac.transdev-hdf.fr\/index.php\/wp-json\/wp\/v2\/pages"}],"about":[{"href":"https:\/\/sitac.transdev-hdf.fr\/index.php\/wp-json\/wp\/v2\/types\/page"}],"author":[{"embeddable":true,"href":"https:\/\/sitac.transdev-hdf.fr\/index.php\/wp-json\/wp\/v2\/users\/1"}],"replies":[{"embeddable":true,"href":"https:\/\/sitac.transdev-hdf.fr\/index.php\/wp-json\/wp\/v2\/comments?post=5197"}],"version-history":[{"count":127,"href":"https:\/\/sitac.transdev-hdf.fr\/index.php\/wp-json\/wp\/v2\/pages\/5197\/revisions"}],"predecessor-version":[{"id":9849,"href":"https:\/\/sitac.transdev-hdf.fr\/index.php\/wp-json\/wp\/v2\/pages\/5197\/revisions\/9849"}],"up":[{"embeddable":true,"href":"https:\/\/sitac.transdev-hdf.fr\/index.php\/wp-json\/wp\/v2\/pages\/4206"}],"wp:attachment":[{"href":"https:\/\/sitac.transdev-hdf.fr\/index.php\/wp-json\/wp\/v2\/media?parent=5197"}],"curies":[{"name":"wp","href":"https:\/\/api.w.org\/{rel}","templated":true}]}}